{"version":"1.0","provider_name":"Kapaszkodj miniMan\u00f3!!","provider_url":"https:\/\/minimano.cafeblog.hu","author_name":"Panna*","author_url":"https:\/\/minimano.cafeblog.hu\/author\/panna\/","title":"\u00dajra otthon","html":"<P>&nbsp;<\/P>\r\n<P class=MsoNormal style=\"MARGIN: 0cm 0cm 0pt; TEXT-ALIGN: justify\">A k\u00f3rh\u00e1zban tart\u00f3zkod\u00e1sunk m\u00e1snapj\u00e1ra persze a nem kicsinek mondhat\u00f3 csal\u00e1dunk minden tagja \u00e9s ismer\u0151seink 99%-a tudta meg, hogy bab\u00e1nk lesz. Mindenki gratul\u00e1lt \u00e9s szav\u00e1t adta, hogy nem adja tov\u00e1bb a h\u00edrt. De lassacsk\u00e1n kezdem azt hinni, hogy m\u00e9g a pletykalapok is meg\u00edrt\u00e1k, mert mindenki tudja. Kapok is mindenf\u00e9le tan\u00e1csokat, mit egyek \u00e9s mit ne, mit, hogy tegyek, mit ne. Pr\u00f3b\u00e1lom ebb\u0151l a sz\u00e1momra hasznosakat kisz\u0171rni a t\u00f6bbit meg a f\u00fclem mellett elengedni. Szerencs\u00e9re remek\u00fcl \u00e9rzem magam. Nincs h\u00e1nyingerem, b\u00e1r a p\u00f6rk\u00f6ltf\u00e9l\u00e9ket nem k\u00edv\u00e1nom. Illetve vannak hajnalok, amikor csillap\u00edthatatlanul t\u00f6r r\u00e1m az \u00e9hs\u00e9g. Sz\u00f3val zugev\u0151 lettem. <\/P>\r\n<P class=MsoNormal style=\"MARGIN: 0cm 0cm 0pt; TEXT-ALIGN: justify\">December elej\u00e9n felkerestem - kisv\u00e1ros l\u00e9v\u00e9n- az egyetlen praktiz\u00e1l\u00f3 n\u0151gy\u00f3gy\u00e1szt. Meger\u0151s\u00edtette, hogy minden rendben, van m\u00e1r sz\u00edvhang is. \u00dagy l\u00e1tszik miniMan\u00f3 a j\u00f3kora pofon ellen\u00e9re, amivel csepp kis \u00e9let\u00e9t elkezdte, k\u00f6sz\u00f6ni sz\u00e9pen, j\u00f3l \u00e9rzi mag\u00e1t. Doktor b\u00e1csink is azt mondta, hogy tal\u00e1n \u00e9pp az volt a j\u00f3, hogy ilyen apr\u00f3cska volt m\u00e9g. K\u00f6vetkez\u0151 h\u00e9tre kaptam id\u0151pontot a v\u00e9d\u0151n\u0151h\u00f6z, aki alaposan kik\u00e9rdezett, \u00e9s ki\u00e1ll\u00edtotta a gondoz\u00e1si k\u00f6nyvet. Ezzel kellett a terhes gondoz\u00e1sra menni, ahol megkaptam a beutal\u00f3kat a tov\u00e1bbi vizsg\u00e1latokra. Illetve biztosan begy\u0171jt\u00f6ttem egy feketepontot is, mert amikor az asszisztensn\u0151 megk\u00e9rdezte van-e m\u00e1r v\u00e1lasztott orvosom, aki majd a sz\u00fcl\u00e9st levezeti azt tal\u00e1ltam felelni, hogy l\u00e9v\u00e9n m\u00e9g csak a 9. h\u00e9ten vagyok, ezen, nem gondolkodtam. Majd, mintha b\u0171n lenne \u201eilyen \u00f6regen\u201d gyereket sz\u00fclni k\u00f6z\u00f6lte, hogy mennem kell genetikai vizsg\u00e1latra is. Megyek \u00e9n b\u00e1rhova magamt\u00f3l is, mert nekem is fontos, hogy figyeljenek, vigy\u00e1zzanak r\u00e1nk.<\/P>\r\n<P class=MsoNormal style=\"MARGIN: 0cm 0cm 0pt; TEXT-ALIGN: justify\">Voltunk az\u00f3ta m\u00e1r belgy\u00f3gy\u00e1szn\u00e1l \u00e9s v\u00e9rv\u00e9telen is, minden rendben. Az \u00e9v v\u00e9gi felfordul\u00e1s miatt a genetika \u00e1tcs\u00faszik janu\u00e1rra, de ez nem hiszem, hogy gond lenne, mert a b\u0171v\u00f6s 12. h\u00e9tig, m\u00e9g van h\u00e1tra majdnem 2 h\u00e9t.<\/P>\r\n<P class=MsoNormal style=\"MARGIN: 0cm 0cm 0pt; TEXT-ALIGN: justify\">\r\n<P><\/P><\/P>","type":"rich"}